  {"id":6728,"date":"2015-04-14T20:07:14","date_gmt":"2015-04-15T00:07:14","guid":{"rendered":"http:\/\/wwwdev.un.org\/ruleoflaw\/?page_id=6728"},"modified":"2019-02-19T16:51:50","modified_gmt":"2019-02-19T21:51:50","slug":"the-special-representative-of-the-secretary-general-for-children-and-armed-conflict","status":"publish","type":"page","link":"https:\/\/www.un.org\/ruleoflaw\/fr\/un-and-the-rule-of-law\/the-special-representative-of-the-secretary-general-for-children-and-armed-conflict\/","title":{"rendered":"Repr\u00e9sentant sp\u00e9cial du Secr\u00e9taire g\u00e9n\u00e9ral pour le sort des enfants en temps de conflit arm\u00e9"},"content":{"rendered":"<p><img decoding=\"async\" class=\"lazyload alignleft size-full wp-image-10181\" src=\"data:image\/svg+xml,%3Csvg%20xmlns%3D%27http%3A%2F%2Fwww.w3.org%2F2000%2Fsvg%27%20width%3D%27216%27%20height%3D%27183%27%20viewBox%3D%270%200%20216%20183%27%3E%3Crect%20width%3D%27216%27%20height%3D%27183%27%20fill-opacity%3D%220%22%2F%3E%3C%2Fsvg%3E\" data-orig-src=\"\/ruleoflaw\/wp-content\/uploads\/2015\/04\/unlogo.png\" alt=\"United Nations Logo\" width=\"216\" height=\"183\" \/>Le<a href=\"https:\/\/childrenandarmedconflict.un.org\/fr\/press-release\/appelle-a-plus-daction-pour-proteger-les-enfants\/\"> Repr\u00e9sentant sp\u00e9cial du Secr\u00e9taire g\u00e9n\u00e9ral pour le sort des enfants en temps de conflit arm\u00e9<\/a>\u00a0est la principale instance de l&rsquo;ONU s&rsquo;occupant de la protection et du bien-\u00eatre des enfants touch\u00e9s par un conflit arm\u00e9.<\/p>\n<p>Son mandat a \u00e9t\u00e9 d\u00e9fini par l&rsquo;Assembl\u00e9e g\u00e9n\u00e9rale dans sa <a href=\"http:\/\/www.un.org\/fr\/ga\/search\/view_doc.asp?symbol=A\/RES\/51\/77\">r\u00e9solution A\/RES\/51\/77<\/a> suite \u00e0 la publication, en 1996, du <a href=\"https:\/\/childrenandarmedconflict.un.org\/fr\/qui-sommes-nous\/les-rapports-machel\/\">rapport de Gra\u00e7a Machel<\/a> sur l&rsquo;impact des conflits arm\u00e9s sur les enfants.<\/p>\n<p>Depuis 1999, l&rsquo;intervention syst\u00e9matique du Conseil de s\u00e9curit\u00e9 de l&rsquo;ONU a plac\u00e9 la protection des enfants touch\u00e9s par les conflits arm\u00e9s au c\u0153ur de son programme en mati\u00e8re de paix et s\u00e9curit\u00e9 internationales.<\/p>\n<p><a href=\"https:\/\/childrenandarmedconflict.un.org\/fr\/problematiques\/violations\/\">Six violations graves touchant les enfants en p\u00e9riode de conflit arm\u00e9 ont \u00e9t\u00e9 recens\u00e9es<\/a> :<\/p>\n<ul>\n<li>Le recrutement ou l&#8217;emploi d&rsquo;enfants soldats*<\/li>\n<li>Le meurtre ou la mutilation d&rsquo;enfants*<\/li>\n<li>Les violences sexuelles commises contre des enfants*<\/li>\n<li>Les attaques dirig\u00e9es contre des \u00e9coles ou des h\u00f4pitaux*<\/li>\n<li>Les enl\u00e8vements d&rsquo;enfants.<\/li>\n<li>Le d\u00e9ni d&rsquo;acc\u00e8s humanitaire aux enfants.<\/li>\n<\/ul>\n<p>*Indique des violations justifiant l&rsquo;inscription sur la liste du Secr\u00e9taire g\u00e9n\u00e9ral.<\/p>\n<p>Les activit\u00e9s sont ax\u00e9es sur des domaines prioritaires impliquant les acteurs de l&rsquo;\u00e9tat de droit, \u00e0 savoir la lutte contre l&rsquo;impunit\u00e9 en cas de violations graves commises contre des enfants, les questions que soul\u00e8ve le placement d&rsquo;enfants en d\u00e9tention en raison de leur association avec des groupes arm\u00e9s et la fourniture d&rsquo;une assistance \u00e0 la r\u00e9insertion compl\u00e8te et \u00e0 long terme. Le Repr\u00e9sentant sp\u00e9cial s&#8217;emploie \u00e9galement \u00e0 faire en sorte que les enfants soient d&rsquo;abord consid\u00e9r\u00e9s comme des victimes devant la loi et que les tribunaux appliquent les normes d&rsquo;\u00e9quit\u00e9 des proc\u00e8s et de la justice des mineurs. La campagne \u00ab\u00a0Des enfants, pas des soldats\u00a0\u00bb, qui vise \u00e0 mettre fin au recrutement et \u00e0 l&rsquo;utilisation d&rsquo;enfants par les forces arm\u00e9es gouvernementales d&rsquo;ici \u00e0 2016, est une initiative particuli\u00e8re du Repr\u00e9sentant sp\u00e9cial.<\/p>\n<p>La campagne \u00ab <a href=\"https:\/\/childrenandarmedconflict.un.org\/fr\/enfants-pas-des-soldats\/\">Enfants, pas soldats<\/a> \u00bb lanc\u00e9e la Repr\u00e9sentante sp\u00e9ciale du Secr\u00e9taire g\u00e9n\u00e9ral pour les enfants et les conflits arm\u00e9s, et l&rsquo;Ä¢¹½ÊÓÆµICEF, vise \u00e0 mobiliser le soutien pour mettre fin et pr\u00e9venir le recrutement et l&rsquo;utilisation d&rsquo;enfants par les forces de s\u00e9curit\u00e9 nationales d&rsquo;ici 2016.<\/p>\n<h2>Documents et liens pertinents :<\/h2>\n<ul>\n<li><a href=\"https:\/\/childrenandarmedconflict.un.org\/fr\/\">Les enfants et les conflits arm\u00e9s<\/a><\/li>\n<li><a href=\"http:\/\/www.twitter.com\/childreninwar\">Twitter \u2013 #ChildrenNotSoldiers<\/a>\u00a0<span style=\"font-size: 70% !important;vertical-align: middle;color: #fff;background-color: #666;padding: 0px 2px;margin: 0px\">EN<\/span><\/li>\n<li><a href=\"https:\/\/www.facebook.com\/childrenandarmedconflict\">Facebook \u2013 Children and Armed Conflict<\/a>\u00a0<span style=\"font-size: 70% !important;vertical-align: middle;color: #fff;background-color: #666;padding: 0px 2px;margin: 0px\">EN<\/span><\/li>\n<\/ul>\n","protected":false},"excerpt":{"rendered":"<p>Le Repr\u00e9sentant sp\u00e9cial du Secr\u00e9taire g\u00e9n\u00e9ral pour le sort des enfants en temps de conflit arm\u00e9\u00a0est la principale instance de l&rsquo;ONU s&rsquo;occupant de la protection et du bien-\u00eatre des enfants touch\u00e9s par un conflit arm\u00e9. Son mandat a \u00e9t\u00e9 d\u00e9fini par l&rsquo;Assembl\u00e9e g\u00e9n\u00e9rale dans sa r\u00e9solution A\/RES\/51\/77 suite \u00e0 la publication, en 1996, du rapport  [&#8230;]<\/p>\n","protected":false},"author":289,"featured_media":0,"parent":58,"menu_order":6,"comment_status":"closed","ping_status":"closed","template":"","meta":{"footnotes":""},"class_list":["post-6728","page","type-page","status-publish","hentry"],"yoast_head":"<!-- This site is optimized with the Yoast SEO plugin v28.2 - https:\/\/yoast.com\/product\/yoast-seo-wordpress\/ -->\n<title>Repr\u00e9sentant sp\u00e9cial du Secr\u00e9taire g\u00e9n\u00e9ral pour le sort des enfants en temps de conflit arm\u00e9 - L&#039;Organisation des Nations Unies et l&#039;Etat de droit<\/title>\n<meta name=\"robots\" content=\"index, follow, max-snippet:-1, max-image-preview:large, max-video-preview:-1\" \/>\n<link rel=\"canonical\" href=\"https:\/\/www.un.org\/ruleoflaw\/fr\/un-and-the-rule-of-law\/the-special-representative-of-the-secretary-general-for-children-and-armed-conflict\/\" \/>\n<meta property=\"og:locale\" content=\"fr_FR\" \/>\n<meta property=\"og:type\" content=\"article\" \/>\n<meta property=\"og:title\" content=\"Repr\u00e9sentant sp\u00e9cial du Secr\u00e9taire g\u00e9n\u00e9ral pour le sort des enfants en temps de conflit arm\u00e9 - L&#039;Organisation des Nations Unies et l&#039;Etat de droit\" \/>\n<meta property=\"og:description\" content=\"Le Repr\u00e9sentant sp\u00e9cial du Secr\u00e9taire g\u00e9n\u00e9ral pour le sort des enfants en temps de conflit arm\u00e9\u00a0est la principale instance de l&rsquo;ONU s&rsquo;occupant de la protection et du bien-\u00eatre des enfants touch\u00e9s par un conflit arm\u00e9. Son mandat a \u00e9t\u00e9 d\u00e9fini par l&rsquo;Assembl\u00e9e g\u00e9n\u00e9rale dans sa r\u00e9solution A\/RES\/51\/77 suite \u00e0 la publication, en 1996, du rapport [...]\" \/>\n<meta property=\"og:url\" content=\"https:\/\/www.un.org\/ruleoflaw\/fr\/un-and-the-rule-of-law\/the-special-representative-of-the-secretary-general-for-children-and-armed-conflict\/\" \/>\n<meta property=\"og:site_name\" content=\"L&#039;Organisation des Nations Unies et l&#039;Etat de droit\" \/>\n<meta property=\"article:modified_time\" content=\"2019-02-19T21:51:50+00:00\" \/>\n<meta property=\"og:image\" content=\"https:\/\/www.un.org\/ruleoflaw\/wp-content\/uploads\/2015\/04\/unlogo.png\" \/>\n<meta name=\"twitter:label1\" content=\"Dur\u00e9e de lecture estim\u00e9e\" \/>\n\t<meta name=\"twitter:data1\" content=\"2 minutes\" \/>\n<script type=\"application\/ld+json\" class=\"yoast-schema-graph\">{\"@context\":\"https:\\\/\\\/schema.org\",\"@graph\":[{\"@type\":\"WebPage\",\"@id\":\"https:\\\/\\\/www.un.org\\\/ruleoflaw\\\/fr\\\/un-and-the-rule-of-law\\\/the-special-representative-of-the-secretary-general-for-children-and-armed-conflict\\\/\",\"url\":\"https:\\\/\\\/www.un.org\\\/ruleoflaw\\\/fr\\\/un-and-the-rule-of-law\\\/the-special-representative-of-the-secretary-general-for-children-and-armed-conflict\\\/\",\"name\":\"Repr\u00e9sentant sp\u00e9cial du Secr\u00e9taire g\u00e9n\u00e9ral pour le sort des enfants en temps de conflit arm\u00e9 - L&#039;Organisation des Nations Unies et l&#039;Etat de droit\",\"isPartOf\":{\"@id\":\"https:\\\/\\\/www.un.org\\\/ruleoflaw\\\/fr\\\/#website\"},\"datePublished\":\"2015-04-15T00:07:14+00:00\",\"dateModified\":\"2019-02-19T21:51:50+00:00\",\"breadcrumb\":{\"@id\":\"https:\\\/\\\/www.un.org\\\/ruleoflaw\\\/fr\\\/un-and-the-rule-of-law\\\/the-special-representative-of-the-secretary-general-for-children-and-armed-conflict\\\/#breadcrumb\"},\"inLanguage\":\"fr-FR\",\"potentialAction\":[{\"@type\":\"ReadAction\",\"target\":[\"https:\\\/\\\/www.un.org\\\/ruleoflaw\\\/fr\\\/un-and-the-rule-of-law\\\/the-special-representative-of-the-secretary-general-for-children-and-armed-conflict\\\/\"]}]},{\"@type\":\"BreadcrumbList\",\"@id\":\"https:\\\/\\\/www.un.org\\\/ruleoflaw\\\/fr\\\/un-and-the-rule-of-law\\\/the-special-representative-of-the-secretary-general-for-children-and-armed-conflict\\\/#breadcrumb\",\"itemListElement\":[{\"@type\":\"ListItem\",\"position\":1,\"name\":\"Home\",\"item\":\"https:\\\/\\\/www.un.org\\\/ruleoflaw\\\/fr\\\/\"},{\"@type\":\"ListItem\",\"position\":2,\"name\":\"L&rsquo;ONU et l&rsquo;\u00e9tat de droit\",\"item\":\"https:\\\/\\\/www.un.org\\\/ruleoflaw\\\/fr\\\/un-and-the-rule-of-law\\\/\"},{\"@type\":\"ListItem\",\"position\":3,\"name\":\"Repr\u00e9sentant sp\u00e9cial du Secr\u00e9taire g\u00e9n\u00e9ral pour le sort des enfants en temps de conflit arm\u00e9\"}]},{\"@type\":\"WebSite\",\"@id\":\"https:\\\/\\\/www.un.org\\\/ruleoflaw\\\/fr\\\/#website\",\"url\":\"https:\\\/\\\/www.un.org\\\/ruleoflaw\\\/fr\\\/\",\"name\":\"L&#039;Organisation des Nations Unies et l&#039;Etat de droit\",\"description\":\"Just another United Nations and the Rule of Law Sites site\",\"potentialAction\":[{\"@type\":\"SearchAction\",\"target\":{\"@type\":\"EntryPoint\",\"urlTemplate\":\"https:\\\/\\\/www.un.org\\\/ruleoflaw\\\/fr\\\/?s={search_term_string}\"},\"query-input\":{\"@type\":\"PropertyValueSpecification\",\"valueRequired\":true,\"valueName\":\"search_term_string\"}}],\"inLanguage\":\"fr-FR\"}]}<\/script>\n<!-- \/ Yoast SEO plugin. -->","yoast_head_json":{"title":"Repr\u00e9sentant sp\u00e9cial du Secr\u00e9taire g\u00e9n\u00e9ral pour le sort des enfants en temps de conflit arm\u00e9 - L&#039;Organisation des Nations Unies et l&#039;Etat de droit","robots":{"index":"index","follow":"follow","max-snippet":"max-snippet:-1","max-image-preview":"max-image-preview:large","max-video-preview":"max-video-preview:-1"},"canonical":"https:\/\/www.un.org\/ruleoflaw\/fr\/un-and-the-rule-of-law\/the-special-representative-of-the-secretary-general-for-children-and-armed-conflict\/","og_locale":"fr_FR","og_type":"article","og_title":"Repr\u00e9sentant sp\u00e9cial du Secr\u00e9taire g\u00e9n\u00e9ral pour le sort des enfants en temps de conflit arm\u00e9 - L&#039;Organisation des Nations Unies et l&#039;Etat de droit","og_description":"Le Repr\u00e9sentant sp\u00e9cial du Secr\u00e9taire g\u00e9n\u00e9ral pour le sort des enfants en temps de conflit arm\u00e9\u00a0est la principale instance de l&rsquo;ONU s&rsquo;occupant de la protection et du bien-\u00eatre des enfants touch\u00e9s par un conflit arm\u00e9. Son mandat a \u00e9t\u00e9 d\u00e9fini par l&rsquo;Assembl\u00e9e g\u00e9n\u00e9rale dans sa r\u00e9solution A\/RES\/51\/77 suite \u00e0 la publication, en 1996, du rapport [...]","og_url":"https:\/\/www.un.org\/ruleoflaw\/fr\/un-and-the-rule-of-law\/the-special-representative-of-the-secretary-general-for-children-and-armed-conflict\/","og_site_name":"L&#039;Organisation des Nations Unies et l&#039;Etat de droit","article_modified_time":"2019-02-19T21:51:50+00:00","og_image":[{"url":"https:\/\/www.un.org\/ruleoflaw\/wp-content\/uploads\/2015\/04\/unlogo.png","type":"","width":"","height":""}],"twitter_misc":{"Dur\u00e9e de lecture estim\u00e9e":"2 minutes"},"schema":{"@context":"https:\/\/schema.org","@graph":[{"@type":"WebPage","@id":"https:\/\/www.un.org\/ruleoflaw\/fr\/un-and-the-rule-of-law\/the-special-representative-of-the-secretary-general-for-children-and-armed-conflict\/","url":"https:\/\/www.un.org\/ruleoflaw\/fr\/un-and-the-rule-of-law\/the-special-representative-of-the-secretary-general-for-children-and-armed-conflict\/","name":"Repr\u00e9sentant sp\u00e9cial du Secr\u00e9taire g\u00e9n\u00e9ral pour le sort des enfants en temps de conflit arm\u00e9 - L&#039;Organisation des Nations Unies et l&#039;Etat de droit","isPartOf":{"@id":"https:\/\/www.un.org\/ruleoflaw\/fr\/#website"},"datePublished":"2015-04-15T00:07:14+00:00","dateModified":"2019-02-19T21:51:50+00:00","breadcrumb":{"@id":"https:\/\/www.un.org\/ruleoflaw\/fr\/un-and-the-rule-of-law\/the-special-representative-of-the-secretary-general-for-children-and-armed-conflict\/#breadcrumb"},"inLanguage":"fr-FR","potentialAction":[{"@type":"ReadAction","target":["https:\/\/www.un.org\/ruleoflaw\/fr\/un-and-the-rule-of-law\/the-special-representative-of-the-secretary-general-for-children-and-armed-conflict\/"]}]},{"@type":"BreadcrumbList","@id":"https:\/\/www.un.org\/ruleoflaw\/fr\/un-and-the-rule-of-law\/the-special-representative-of-the-secretary-general-for-children-and-armed-conflict\/#breadcrumb","itemListElement":[{"@type":"ListItem","position":1,"name":"Home","item":"https:\/\/www.un.org\/ruleoflaw\/fr\/"},{"@type":"ListItem","position":2,"name":"L&rsquo;ONU et l&rsquo;\u00e9tat de droit","item":"https:\/\/www.un.org\/ruleoflaw\/fr\/un-and-the-rule-of-law\/"},{"@type":"ListItem","position":3,"name":"Repr\u00e9sentant sp\u00e9cial du Secr\u00e9taire g\u00e9n\u00e9ral pour le sort des enfants en temps de conflit arm\u00e9"}]},{"@type":"WebSite","@id":"https:\/\/www.un.org\/ruleoflaw\/fr\/#website","url":"https:\/\/www.un.org\/ruleoflaw\/fr\/","name":"L&#039;Organisation des Nations Unies et l&#039;Etat de droit","description":"Just another United Nations and the Rule of Law Sites site","potentialAction":[{"@type":"SearchAction","target":{"@type":"EntryPoint","urlTemplate":"https:\/\/www.un.org\/ruleoflaw\/fr\/?s={search_term_string}"},"query-input":{"@type":"PropertyValueSpecification","valueRequired":true,"valueName":"search_term_string"}}],"inLanguage":"fr-FR"}]}},"_links":{"self":[{"href":"https:\/\/www.un.org\/ruleoflaw\/fr\/wp-json\/wp\/v2\/pages\/6728","targetHints":{"allow":["GET"]}}],"collection":[{"href":"https:\/\/www.un.org\/ruleoflaw\/fr\/wp-json\/wp\/v2\/pages"}],"about":[{"href":"https:\/\/www.un.org\/ruleoflaw\/fr\/wp-json\/wp\/v2\/types\/page"}],"author":[{"embeddable":true,"href":"https:\/\/www.un.org\/ruleoflaw\/fr\/wp-json\/wp\/v2\/users\/289"}],"replies":[{"embeddable":true,"href":"https:\/\/www.un.org\/ruleoflaw\/fr\/wp-json\/wp\/v2\/comments?post=6728"}],"version-history":[{"count":4,"href":"https:\/\/www.un.org\/ruleoflaw\/fr\/wp-json\/wp\/v2\/pages\/6728\/revisions"}],"predecessor-version":[{"id":11357,"href":"https:\/\/www.un.org\/ruleoflaw\/fr\/wp-json\/wp\/v2\/pages\/6728\/revisions\/11357"}],"up":[{"embeddable":true,"href":"https:\/\/www.un.org\/ruleoflaw\/fr\/wp-json\/wp\/v2\/pages\/58"}],"wp:attachment":[{"href":"https:\/\/www.un.org\/ruleoflaw\/fr\/wp-json\/wp\/v2\/media?parent=6728"}],"curies":[{"name":"wp","href":"https:\/\/api.w.org\/{rel}","templated":true}]}}