  {"id":91,"date":"2015-03-10T17:20:16","date_gmt":"2015-03-10T21:20:16","guid":{"rendered":"http:\/\/wwwdev.un.org\/ruleoflaw\/?page_id=91"},"modified":"2019-02-19T16:52:15","modified_gmt":"2019-02-19T21:52:15","slug":"the-rule-of-law-in-un-work","status":"publish","type":"page","link":"https:\/\/www.un.org\/ruleoflaw\/fr\/what-is-the-rule-of-law\/the-rule-of-law-in-un-work\/","title":{"rendered":"L&rsquo;\u00e9tat de droit dans les activit\u00e9s intergouvernementales de l&rsquo;ONU"},"content":{"rendered":"<p><img decoding=\"async\" class=\"lazyload alignleft wp-image-10551 size-medium\" src=\"\/ruleoflaw\/fr\/wp-content\/uploads\/sites\/8\/2015\/03\/02-10-2015Benghazi_Libya-300x200.jpg\" data-orig-src=\"\/ruleoflaw\/fr\/wp-content\/uploads\/sites\/8\/2015\/03\/02-10-2015Benghazi_Libya-300x200.jpg\" alt=\"Une jeune fille regarde par la fen\u00eatre \u00e0 Benghazi. Le Conseil de s\u00e9curit\u00e9 a condamn\u00e9 les &quot;odieux&quot; attentats \u00e0 l'explosif perp\u00e9tr\u00e9s en Libye. Photo: MANUL\" width=\"300\" height=\"200\" srcset=\"data:image\/svg+xml,%3Csvg%20xmlns%3D%27http%3A%2F%2Fwww.w3.org%2F2000%2Fsvg%27%20width%3D%27300%27%20height%3D%27200%27%20viewBox%3D%270%200%20300%20200%27%3E%3Crect%20width%3D%27300%27%20height%3D%27200%27%20fill-opacity%3D%220%22%2F%3E%3C%2Fsvg%3E\" data-srcset=\"https:\/\/www.un.org\/ruleoflaw\/fr\/wp-content\/uploads\/sites\/8\/2015\/03\/02-10-2015Benghazi_Libya-300x200.jpg 300w, https:\/\/www.un.org\/ruleoflaw\/fr\/wp-content\/uploads\/sites\/8\/2015\/03\/02-10-2015Benghazi_Libya.jpg 800w\" data-sizes=\"auto\" data-orig-sizes=\"(max-width: 300px) 100vw, 300px\" \/><\/p>\n<h2>Assembl\u00e9e g\u00e9n\u00e9rale<\/h2>\n<p>L&rsquo;Assembl\u00e9e g\u00e9n\u00e9rale a pour la premi\u00e8re fois examin\u00e9 la question de l&rsquo;\u00e9tat de droit lors de la <a href=\"http:\/\/www.ohchr.org\/Documents\/Events\/OHCHR20\/VDPA_booklet_fr.pdf\">Conf\u00e9rence mondiale sur les droits de l&rsquo;homme tenue \u00e0 Vienne en 1993<\/a>\u00a0<img class=\"lazyload\" decoding=\"async\" style=\"margin-bottom: 0 !important\" src=\"data:image\/svg+xml,%3Csvg%20xmlns%3D%27http%3A%2F%2Fwww.w3.org%2F2000%2Fsvg%27%20width%3D%2714%27%20height%3D%2714%27%20viewBox%3D%270%200%2014%2014%27%3E%3Crect%20width%3D%2714%27%20height%3D%2714%27%20fill-opacity%3D%220%22%2F%3E%3C%2Fsvg%3E\" data-orig-src=\"\/common\/images\/icons\/ico_pdf.gif\" alt=\"pdf\" width=\"14\" height=\"14\" border=\"0\" \/>. Suite \u00e0 la Conf\u00e9rence de Vienne et \u00e0 la cr\u00e9ation du Haut-Commissariat des Nations Unies aux droits de l&rsquo;homme (<a href=\"http:\/\/www.ohchr.org\/FR\/Pages\/WelcomePage.aspx\">HCDH<\/a>), la Troisi\u00e8me Commission de l&rsquo;Assembl\u00e9e g\u00e9n\u00e9rale, responsable de la plupart des activit\u00e9s de l&rsquo;Assembl\u00e9e dans le domaine des droits de l&rsquo;homme, a <a href=\"http:\/\/www.un.org\/ruleoflaw\/fr\/general-assembly-resolutions-on-strengthening-of-the-rule-of-law-until-2002\/\">chaque ann\u00e9e<\/a> d\u00e9battu de la question du renforcement de l&rsquo;\u00e9tat de droit et adopt\u00e9 une r\u00e9solution\u00a0sur le sujet jusqu&rsquo;en 2002.<\/p>\n<p>La Troisi\u00e8me Commission et les organes de l&rsquo;Organisation des Nations Unies charg\u00e9s des droits de l&rsquo;homme (la Commission des droits de l&rsquo;homme jusqu&rsquo;en 2005 et le <a href=\"http:\/\/www.ohchr.org\/fr\/hrbodies\/hrc\/pages\/hrcindex.aspx\">Conseil des droits de l&rsquo;homme<\/a> depuis 2006) ont beaucoup progress\u00e9 dans le d\u00e9veloppement du cadre normatif international et la promotion de certains aspects de l&rsquo;\u00e9tat de droit. La Troisi\u00e8me Commission continue d&rsquo;examiner r\u00e9guli\u00e8rement la question de l&rsquo;\u00e9tat de droit dans l&rsquo;administration de la justice, les ex\u00e9cutions extrajudiciaires, sommaires ou arbitraires, les droits de l&rsquo;homme et les libert\u00e9s fondamentales dans le cadre de la lutte contre le terrorisme et la r\u00e9forme des institutions de justice p\u00e9nale.<\/p>\n<p>En 2005, les chefs d&rsquo;\u00c9tat et de gouvernement, r\u00e9unis dans le cadre du Sommet mondial des Nations Unies, ont d\u00e9clar\u00e9 que l&rsquo;\u00e9tat de droit \u00e9tait l&rsquo;un des quatre grands domaines appelant davantage d&rsquo;attention. Dans le <a href=\"http:\/\/www.un.org\/fr\/ga\/search\/view_doc.asp?symbol=A\/RES\/60\/1\">document<\/a>\u00a0<img class=\"lazyload\" decoding=\"async\" style=\"margin-bottom: 0 !important\" src=\"data:image\/svg+xml,%3Csvg%20xmlns%3D%27http%3A%2F%2Fwww.w3.org%2F2000%2Fsvg%27%20width%3D%2714%27%20height%3D%2714%27%20viewBox%3D%270%200%2014%2014%27%3E%3Crect%20width%3D%2714%27%20height%3D%2714%27%20fill-opacity%3D%220%22%2F%3E%3C%2Fsvg%3E\" data-orig-src=\"\/common\/images\/icons\/ico_pdf.gif\" alt=\"pdf\" width=\"14\" height=\"14\" border=\"0\" \/> adopt\u00e9 \u00e0 l&rsquo;issue du Sommet, ils ont unanimement reconnu la n\u00e9cessit\u00e9 de voir l&rsquo;\u00e9tat de droit \u00ab\u00a0consacr\u00e9 et respect\u00e9 par tous aux niveaux national et international\u00a0\u00bb et r\u00e9affirm\u00e9 l&rsquo;attachement des \u00c9tats Membres \u00ab\u00a0\u00e0 un ordre international fond\u00e9 sur l&rsquo;\u00e9tat de droit et le droit international\u00a0\u00bb. Les \u00c9tats Membres ont d\u00e9cid\u00e9 de cr\u00e9er au sein du Secr\u00e9tariat un groupe de l&rsquo;aide \u00e0 la promotion de l&rsquo;\u00e9tat de droit en vue de renforcer les activit\u00e9s de l&rsquo;Organisation des Nations Unies dans ce domaine.<\/p>\n<p>\u00c0 la suite de l&rsquo;adoption du Document final du Sommet mondial, un nouveau point, l&rsquo;\u00e9tat de droit aux niveaux national et international, a \u00e9t\u00e9 inscrit \u00e0 l&rsquo;ordre du jour de la Sixi\u00e8me Commission (juridique) de l&rsquo;Assembl\u00e9e g\u00e9n\u00e9rale. L&rsquo;Assembl\u00e9e g\u00e9n\u00e9rale a depuis lors, chaque ann\u00e9e, examin\u00e9 la question et adopt\u00e9 une r\u00e9solution y relative (<a href=\"http:\/\/www.un.org\/fr\/ga\/search\/view_doc.asp?symbol=A\/RES\/61\/39\" target=\"_blank\">61\/39<\/a> <img class=\"lazyload\" decoding=\"async\" style=\"margin-bottom: 0 !important\" src=\"data:image\/svg+xml,%3Csvg%20xmlns%3D%27http%3A%2F%2Fwww.w3.org%2F2000%2Fsvg%27%20width%3D%2714%27%20height%3D%2714%27%20viewBox%3D%270%200%2014%2014%27%3E%3Crect%20width%3D%2714%27%20height%3D%2714%27%20fill-opacity%3D%220%22%2F%3E%3C%2Fsvg%3E\" data-orig-src=\"\/common\/images\/icons\/ico_pdf.gif\" alt=\"pdf\" width=\"14\" height=\"14\" border=\"0\" \/>,<a href=\"http:\/\/www.un.org\/fr\/ga\/search\/view_doc.asp?symbol=A\/RES\/62\/70\" target=\"_blank\">62\/70<\/a> <img class=\"lazyload\" decoding=\"async\" style=\"margin-bottom: 0 !important\" src=\"data:image\/svg+xml,%3Csvg%20xmlns%3D%27http%3A%2F%2Fwww.w3.org%2F2000%2Fsvg%27%20width%3D%2714%27%20height%3D%2714%27%20viewBox%3D%270%200%2014%2014%27%3E%3Crect%20width%3D%2714%27%20height%3D%2714%27%20fill-opacity%3D%220%22%2F%3E%3C%2Fsvg%3E\" data-orig-src=\"\/common\/images\/icons\/ico_pdf.gif\" alt=\"pdf\" width=\"14\" height=\"14\" border=\"0\" \/>, <a href=\"http:\/\/www.un.org\/fr\/ga\/search\/view_doc.asp?symbol=A\/RES\/63\/128\" target=\"_blank\">63\/128<\/a> <img class=\"lazyload\" decoding=\"async\" style=\"margin-bottom: 0 !important\" src=\"data:image\/svg+xml,%3Csvg%20xmlns%3D%27http%3A%2F%2Fwww.w3.org%2F2000%2Fsvg%27%20width%3D%2714%27%20height%3D%2714%27%20viewBox%3D%270%200%2014%2014%27%3E%3Crect%20width%3D%2714%27%20height%3D%2714%27%20fill-opacity%3D%220%22%2F%3E%3C%2Fsvg%3E\" data-orig-src=\"\/common\/images\/icons\/ico_pdf.gif\" alt=\"pdf\" width=\"14\" height=\"14\" border=\"0\" \/>, <a href=\"http:\/\/www.un.org\/fr\/ga\/search\/view_doc.asp?symbol=A\/RES\/64\/116\" target=\"_blank\">64\/116<\/a> <img class=\"lazyload\" decoding=\"async\" style=\"margin-bottom: 0 !important\" src=\"data:image\/svg+xml,%3Csvg%20xmlns%3D%27http%3A%2F%2Fwww.w3.org%2F2000%2Fsvg%27%20width%3D%2714%27%20height%3D%2714%27%20viewBox%3D%270%200%2014%2014%27%3E%3Crect%20width%3D%2714%27%20height%3D%2714%27%20fill-opacity%3D%220%22%2F%3E%3C%2Fsvg%3E\" data-orig-src=\"\/common\/images\/icons\/ico_pdf.gif\" alt=\"pdf\" width=\"14\" height=\"14\" border=\"0\" \/>, <a href=\"http:\/\/www.un.org\/fr\/ga\/search\/view_doc.asp?symbol=A\/RES\/65\/32\" target=\"_blank\">65\/32<\/a> <img class=\"lazyload\" decoding=\"async\" style=\"margin-bottom: 0 !important\" src=\"data:image\/svg+xml,%3Csvg%20xmlns%3D%27http%3A%2F%2Fwww.w3.org%2F2000%2Fsvg%27%20width%3D%2714%27%20height%3D%2714%27%20viewBox%3D%270%200%2014%2014%27%3E%3Crect%20width%3D%2714%27%20height%3D%2714%27%20fill-opacity%3D%220%22%2F%3E%3C%2Fsvg%3E\" data-orig-src=\"\/common\/images\/icons\/ico_pdf.gif\" alt=\"pdf\" width=\"14\" height=\"14\" border=\"0\" \/>, <a href=\"http:\/\/www.un.org\/fr\/ga\/search\/view_doc.asp?symbol=A\/RES\/66\/102\" target=\"_blank\">66\/102<\/a> <img class=\"lazyload\" decoding=\"async\" style=\"margin-bottom: 0 !important\" src=\"data:image\/svg+xml,%3Csvg%20xmlns%3D%27http%3A%2F%2Fwww.w3.org%2F2000%2Fsvg%27%20width%3D%2714%27%20height%3D%2714%27%20viewBox%3D%270%200%2014%2014%27%3E%3Crect%20width%3D%2714%27%20height%3D%2714%27%20fill-opacity%3D%220%22%2F%3E%3C%2Fsvg%3E\" data-orig-src=\"\/common\/images\/icons\/ico_pdf.gif\" alt=\"pdf\" width=\"14\" height=\"14\" border=\"0\" \/>, <a href=\"http:\/\/www.un.org\/fr\/ga\/search\/view_doc.asp?symbol=A\/RES\/67\/1\" target=\"_blank\">67\/1<\/a> <img class=\"lazyload\" decoding=\"async\" style=\"margin-bottom: 0 !important\" src=\"data:image\/svg+xml,%3Csvg%20xmlns%3D%27http%3A%2F%2Fwww.w3.org%2F2000%2Fsvg%27%20width%3D%2714%27%20height%3D%2714%27%20viewBox%3D%270%200%2014%2014%27%3E%3Crect%20width%3D%2714%27%20height%3D%2714%27%20fill-opacity%3D%220%22%2F%3E%3C%2Fsvg%3E\" data-orig-src=\"\/common\/images\/icons\/ico_pdf.gif\" alt=\"pdf\" width=\"14\" height=\"14\" border=\"0\" \/>, <a href=\"http:\/\/www.un.org\/fr\/ga\/search\/view_doc.asp?symbol=A\/RES\/67\/97\" target=\"_blank\">67\/97<\/a> <img class=\"lazyload\" decoding=\"async\" style=\"margin-bottom: 0 !important\" src=\"data:image\/svg+xml,%3Csvg%20xmlns%3D%27http%3A%2F%2Fwww.w3.org%2F2000%2Fsvg%27%20width%3D%2714%27%20height%3D%2714%27%20viewBox%3D%270%200%2014%2014%27%3E%3Crect%20width%3D%2714%27%20height%3D%2714%27%20fill-opacity%3D%220%22%2F%3E%3C%2Fsvg%3E\" data-orig-src=\"\/common\/images\/icons\/ico_pdf.gif\" alt=\"pdf\" width=\"14\" height=\"14\" border=\"0\" \/>, <a href=\"http:\/\/www.un.org\/fr\/ga\/search\/view_doc.asp?symbol=A\/RES\/68\/116\" target=\"_blank\">68\/116<\/a> <img class=\"lazyload\" decoding=\"async\" style=\"margin-bottom: 0 !important\" src=\"data:image\/svg+xml,%3Csvg%20xmlns%3D%27http%3A%2F%2Fwww.w3.org%2F2000%2Fsvg%27%20width%3D%2714%27%20height%3D%2714%27%20viewBox%3D%270%200%2014%2014%27%3E%3Crect%20width%3D%2714%27%20height%3D%2714%27%20fill-opacity%3D%220%22%2F%3E%3C%2Fsvg%3E\" data-orig-src=\"\/common\/images\/icons\/ico_pdf.gif\" alt=\"pdf\" width=\"14\" height=\"14\" border=\"0\" \/> et <a href=\"http:\/\/www.un.org\/fr\/ga\/search\/view_doc.asp?symbol=A\/RES\/69\/123\" target=\"_blank\">69\/123<\/a> <img class=\"lazyload\" decoding=\"async\" style=\"margin-bottom: 0 !important\" src=\"data:image\/svg+xml,%3Csvg%20xmlns%3D%27http%3A%2F%2Fwww.w3.org%2F2000%2Fsvg%27%20width%3D%2714%27%20height%3D%2714%27%20viewBox%3D%270%200%2014%2014%27%3E%3Crect%20width%3D%2714%27%20height%3D%2714%27%20fill-opacity%3D%220%22%2F%3E%3C%2Fsvg%3E\" data-orig-src=\"\/common\/images\/icons\/ico_pdf.gif\" alt=\"pdf\" width=\"14\" height=\"14\" border=\"0\" \/>). La Sixi\u00e8me Commission choisit habituellement un sous-th\u00e8me aux fins de son d\u00e9bat sur l&rsquo;\u00e9tat de droit aux niveaux national et international. C&rsquo;est ainsi qu&rsquo;elle a examin\u00e9 la promotion de l&rsquo;\u00e9tat de droit au niveau international (64e session), les lois et pratiques des \u00c9tats Membres dans l&rsquo;application du droit international (65e session), l&rsquo;\u00e9tat de droit et l&rsquo;administration de la justice pendant la p\u00e9riode de transition dans les soci\u00e9t\u00e9s en proie \u00e0 un conflit ou sortant d&rsquo;un conflit (66e session), le r\u00e8glement pacifique des diff\u00e9rends (68e session), la mise en commun des pratiques nationales en mati\u00e8re de renforcement de l&rsquo;\u00e9tat de droit par l&rsquo;am\u00e9lioration de l&rsquo;acc\u00e8s \u00e0 la justice (69e session) et le r\u00f4le des processus d&rsquo;\u00e9tablissement de trait\u00e9s multilat\u00e9raux dans la promotion et le renforcement de l&rsquo;\u00e9tat de droit (70e session).<\/p>\n<p>Outre la Sixi\u00e8me Commission, plusieurs autres commissions et organes subsidiaires de l&rsquo;Assembl\u00e9e g\u00e9n\u00e9rale examinent des aspects sp\u00e9cifiques de l&rsquo;\u00e9tat de droit. Par exemple, aussi bien la pl\u00e9ni\u00e8re de l&rsquo;Assembl\u00e9e g\u00e9n\u00e9rale que la Deuxi\u00e8me Commission (Questions \u00e9conomiques et financi\u00e8res) ont examin\u00e9 et n\u00e9goci\u00e9 des r\u00e9solutions sur la d\u00e9marginalisation des pauvres par le droit de 2007 \u00e0 2009. La Troisi\u00e8me Commission (Questions sociales, humanitaires et culturelles) a n\u00e9goci\u00e9 des r\u00e9solutions sur l&rsquo;\u00e9tat de droit et la justice p\u00e9nale lors des 67e et 68e sessions. Le Comit\u00e9 sp\u00e9cial des op\u00e9rations de maintien de la paix (qui rel\u00e8ve de la Quatri\u00e8me Commission) a, dans le cadre de l&rsquo;examen de la question g\u00e9n\u00e9rale de l&rsquo;\u00e9tat de droit dans le contexte du maintien de la paix et de la consolidation de la paix, \u00e9labor\u00e9 des orientations et des recommandations concernant les activit\u00e9s de promotion de l&rsquo;\u00e9tat de droit men\u00e9es par l&rsquo;Organisation dans le cadre de ses op\u00e9rations de maintien de la paix.<\/p>\n<h2>Conseil de s\u00e9curit\u00e9<\/h2>\n<p>Le Conseil de s\u00e9curit\u00e9 a consacr\u00e9 la notion d&rsquo;\u00ab &lsquo;\u00e9tat de droit \u00bb pour la premi\u00e8re fois en 1996 dans sa r\u00e9solution 1040 (1996), dans laquelle il a d\u00e9clar\u00e9 appuyer l&rsquo;action men\u00e9e par le Secr\u00e9taire g\u00e9n\u00e9ral pour promouvoir \u00ab la r\u00e9conciliation nationale, la d\u00e9mocratie, la s\u00e9curit\u00e9 et l&rsquo;\u00e9tat de droit au Burundi \u00bb.<\/p>\n<p>En 2000, le <a href=\"http:\/\/www.un.org\/fr\/ga\/search\/view_doc.asp?symbol=A\/55\/305\">rapport Brahimi<\/a> <img class=\"lazyload\" decoding=\"async\" style=\"margin-bottom: 0 !important\" src=\"data:image\/svg+xml,%3Csvg%20xmlns%3D%27http%3A%2F%2Fwww.w3.org%2F2000%2Fsvg%27%20width%3D%2714%27%20height%3D%2714%27%20viewBox%3D%270%200%2014%2014%27%3E%3Crect%20width%3D%2714%27%20height%3D%2714%27%20fill-opacity%3D%220%22%2F%3E%3C%2Fsvg%3E\" data-orig-src=\"\/common\/images\/icons\/ico_pdf.gif\" alt=\"pdf\" width=\"14\" height=\"14\" border=\"0\" \/> sur le maintien de la paix, un document qui a exerc\u00e9 une forte influence, pr\u00e9conisait avec vigueur un nouveau paradigme en mati\u00e8re de maintien et de consolidation de la paix, soulignant l&rsquo;importance de l&rsquo;\u00e9tat de droit \u00e0 cet \u00e9gard. Depuis lors, le Conseil a inscrit le renforcement de l&rsquo;\u00e9tat de droit dans le mandat de nombreuses op\u00e9rations de maintien de la paix et missions politiques sp\u00e9ciales; le mandat de 19 d&rsquo;entre elles comprend actuellement des activit\u00e9s en la mati\u00e8re.<\/p>\n<p>Dans le cadre de la plupart des op\u00e9rations de maintien de la paix et missions politiques sp\u00e9ciales, le r\u00f4le de l&rsquo;Organisation des Nations Unies a consist\u00e9 \u00e0 appuyer les autorit\u00e9s nationales dans les domaines de la police, de la justice et de l&rsquo;administration p\u00e9nitentiaire et \u00e0 coordonner l&rsquo;assistance internationale dans ces domaines. Toutefois, dans deux situations, au Kosovo et \u00e0 Timor-Leste, l&rsquo;Organisation des Nations Unies a assum\u00e9 directement la responsabilit\u00e9 de l&rsquo;administration de la justice, y compris la direction des services de police et de l&rsquo;administration p\u00e9nitentiaire. R\u00e9cemment, dans sa r\u00e9solution 2149 (2014) sur la R\u00e9publique centrafricaine, outre la mission dans le domaine de la promotion de l&rsquo;\u00e9tat de droit confi\u00e9e \u00e0 la Mission multidimensionnelle int\u00e9gr\u00e9e des Nations Unies pour la stabilisation en R\u00e9publique centrafricaine (<a href=\"http:\/\/www.un.org\/fr\/peacekeeping\/missions\/minusca\/\">MINUSCA<\/a>), le Conseil de s\u00e9curit\u00e9 a, \u00e0 la demande du Gouvernement de la R\u00e9publique centrafricaine, autoris\u00e9 des \u00ab\u00a0mesures temporaires d&rsquo;urgence\u00a0\u00bb pour maintenir l&rsquo;ordre public fondamental (<a href=\"http:\/\/www.un.org\/fr\/ga\/search\/view_doc.asp?symbol=S\/RES\/2149(2014)\">S\/RES\/2149 (2014)<\/a> <img class=\"lazyload\" decoding=\"async\" style=\"margin-bottom: 0 !important\" src=\"data:image\/svg+xml,%3Csvg%20xmlns%3D%27http%3A%2F%2Fwww.w3.org%2F2000%2Fsvg%27%20width%3D%2714%27%20height%3D%2714%27%20viewBox%3D%270%200%2014%2014%27%3E%3Crect%20width%3D%2714%27%20height%3D%2714%27%20fill-opacity%3D%220%22%2F%3E%3C%2Fsvg%3E\" data-orig-src=\"\/common\/images\/icons\/ico_pdf.gif\" alt=\"pdf\" width=\"14\" height=\"14\" border=\"0\" \/>).<\/p>\n<p>Certaines r\u00e9solutions th\u00e9matiques du Conseil et d\u00e9clarations de son Pr\u00e9sident ont \u00e9galement port\u00e9 sur des activit\u00e9s dans le domaine de l&rsquo;\u00e9tat de droit. Le Conseil a tenu son premier d\u00e9bat th\u00e9matique sur l&rsquo;\u00e9tat de droit en 2003. Dans la <a href=\"http:\/\/www.un.org\/fr\/ga\/search\/view_doc.asp?symbol=S\/PRST\/2003\/15\">D\u00e9claration du Pr\u00e9sident du Conseil<\/a> <img class=\"lazyload\" decoding=\"async\" style=\"margin-bottom: 0 !important\" src=\"data:image\/svg+xml,%3Csvg%20xmlns%3D%27http%3A%2F%2Fwww.w3.org%2F2000%2Fsvg%27%20width%3D%2714%27%20height%3D%2714%27%20viewBox%3D%270%200%2014%2014%27%3E%3Crect%20width%3D%2714%27%20height%3D%2714%27%20fill-opacity%3D%220%22%2F%3E%3C%2Fsvg%3E\" data-orig-src=\"\/common\/images\/icons\/ico_pdf.gif\" alt=\"pdf\" width=\"14\" height=\"14\" border=\"0\" \/> qui en est issue, le Conseil a charg\u00e9 le Secr\u00e9taire g\u00e9n\u00e9ral de faire rapport sur l&rsquo;\u00e9tat de droit et la justice transitionnelle dans les soci\u00e9t\u00e9s en proie \u00e0 un conflit ou sortant d&rsquo;un conflit. Ce <a href=\"http:\/\/www.un.org\/fr\/ga\/search\/view_doc.asp?symbol=S\/2004\/616\">rapport<\/a>\u00a0<img class=\"lazyload\" decoding=\"async\" style=\"margin-bottom: 0 !important\" src=\"data:image\/svg+xml,%3Csvg%20xmlns%3D%27http%3A%2F%2Fwww.w3.org%2F2000%2Fsvg%27%20width%3D%2714%27%20height%3D%2714%27%20viewBox%3D%270%200%2014%2014%27%3E%3Crect%20width%3D%2714%27%20height%3D%2714%27%20fill-opacity%3D%220%22%2F%3E%3C%2Fsvg%3E\" data-orig-src=\"\/common\/images\/icons\/ico_pdf.gif\" alt=\"pdf\" width=\"14\" height=\"14\" border=\"0\" \/> du Secr\u00e9taire g\u00e9n\u00e9ral est devenu la base de l&rsquo;examen par le Conseil de la question de l&rsquo;\u00e9tat de droit, y compris, par exemple, une d\u00e9finition de l&rsquo;\u00e9tat de droit \u00e9labor\u00e9e par le Secr\u00e9taire g\u00e9n\u00e9ral aux fins de l&rsquo;action de l&rsquo;Organisation des Nations Unies.<\/p>\n<p>Le Conseil de s\u00e9curit\u00e9 a examin\u00e9 la question de \u00ab\u00a0la promotion et <div class=\"fusion-fullwidth fullwidth-box fusion-builder-row-1 hundred-percent-fullwidth non-hundred-percent-height-scrolling\" style=\"--awb-border-radius-top-left:0px;--awb-border-radius-top-right:0px;--awb-border-radius-bottom-right:0px;--awb-border-radius-bottom-left:0px;--awb-overflow:visible;--awb-flex-wrap:wrap;\" ><div class=\"fusion-builder-row fusion-row\"><div class=\"fusion-layout-column fusion_builder_column fusion-builder-column-0 fusion_builder_column_1_1 1_1 fusion-one-full fusion-column-first fusion-column-last fusion-column-no-min-height\" style=\"--awb-bg-size:cover;--awb-margin-bottom:0px;\"><div class=\"fusion-column-wrapper fusion-flex-column-wrapper-legacy\">[du] renforcement de l&rsquo;\u00e9tat de droit dans le maintien de la paix et de la s\u00e9curit\u00e9\u00a0\u00bb en 2006, 2010, 2011, 2012 et 2014. Dans les r\u00e9solutions et d\u00e9clarations pr\u00e9sidentielles issues de cet examen, le Conseil a abord\u00e9 une multitude de questions touchant l&rsquo;\u00e9tat de droit, notamment la protection des civils, le maintien de la paix et la justice p\u00e9nale internationale. En f\u00e9vrier 2014, dans une d\u00e9claration de son Pr\u00e9sident <img class=\"lazyload\" decoding=\"async\" style=\"margin-bottom: 0 !important\" src=\"data:image\/svg+xml,%3Csvg%20xmlns%3D%27http%3A%2F%2Fwww.w3.org%2F2000%2Fsvg%27%20width%3D%2714%27%20height%3D%2714%27%20viewBox%3D%270%200%2014%2014%27%3E%3Crect%20width%3D%2714%27%20height%3D%2714%27%20fill-opacity%3D%220%22%2F%3E%3C%2Fsvg%3E\" data-orig-src=\"\/common\/images\/icons\/ico_pdf.gif\" alt=\"pdf\" width=\"14\" height=\"14\" border=\"0\" \/> <a href=\"http:\/\/www.un.org\/fr\/ga\/search\/view_doc.asp?symbol=S\/PRST\/2014\/5\">(S\/PRST\/2014\/5<\/a>) le Conseil a d\u00e9clar\u00e9 qu&rsquo;il estimait toujours que l&rsquo;\u00e9tat de droit devait \u00eatre universellement instaur\u00e9 et respect\u00e9. Il a de plus soulign\u00e9 que l&rsquo;instauration d&rsquo;une paix durable exigeait l&rsquo;adoption d&rsquo;une approche int\u00e9gr\u00e9e fond\u00e9e sur la coh\u00e9rence des activit\u00e9s men\u00e9es dans les domaines de la politique, de la s\u00e9curit\u00e9, du d\u00e9veloppement, des droits de l&rsquo;homme, y compris l&rsquo;\u00e9galit\u00e9 des sexes, de l&rsquo;\u00e9tat de droit et de la justice.<\/p>\n<p>Outre le d\u00e9bat th\u00e9matique consacr\u00e9 \u00e0 l&rsquo;\u00e9tat de droit, l&rsquo;importance du r\u00e9tablissement et du renforcement de l&rsquo;\u00e9tat de droit a \u00e9t\u00e9 soulign\u00e9e avec vigueur dans le cadre d&rsquo;autres examens th\u00e9matiques du Conseil de s\u00e9curit\u00e9 et des documents qui en sont issus, par exemple sur <a href=\"http:\/\/www.un.org\/fr\/ga\/search\/view_doc.asp?symbol=S\/RES\/1612(2005)\">les enfants et les conflits arm\u00e9s<\/a> <img class=\"lazyload\" decoding=\"async\" style=\"margin-bottom: 0 !important\" src=\"data:image\/svg+xml,%3Csvg%20xmlns%3D%27http%3A%2F%2Fwww.w3.org%2F2000%2Fsvg%27%20width%3D%2714%27%20height%3D%2714%27%20viewBox%3D%270%200%2014%2014%27%3E%3Crect%20width%3D%2714%27%20height%3D%2714%27%20fill-opacity%3D%220%22%2F%3E%3C%2Fsvg%3E\" data-orig-src=\"\/common\/images\/icons\/ico_pdf.gif\" alt=\"pdf\" width=\"14\" height=\"14\" border=\"0\" \/>, <a href=\"http:\/\/www.un.org\/fr\/ga\/search\/view_doc.asp?symbol=S\/RES\/1674(2006)\">la protection des civils et les femmes<\/a> <img class=\"lazyload\" decoding=\"async\" style=\"margin-bottom: 0 !important\" src=\"data:image\/svg+xml,%3Csvg%20xmlns%3D%27http%3A%2F%2Fwww.w3.org%2F2000%2Fsvg%27%20width%3D%2714%27%20height%3D%2714%27%20viewBox%3D%270%200%2014%2014%27%3E%3Crect%20width%3D%2714%27%20height%3D%2714%27%20fill-opacity%3D%220%22%2F%3E%3C%2Fsvg%3E\" data-orig-src=\"\/common\/images\/icons\/ico_pdf.gif\" alt=\"pdf\" width=\"14\" height=\"14\" border=\"0\" \/> et <a href=\"http:\/\/www.un.org\/fr\/ga\/search\/view_doc.asp?symbol=S\/RES\/1820(2008)\">la paix et la s\u00e9curit\u00e9<\/a> <img class=\"lazyload\" decoding=\"async\" style=\"margin-bottom: 0 !important\" src=\"data:image\/svg+xml,%3Csvg%20xmlns%3D%27http%3A%2F%2Fwww.w3.org%2F2000%2Fsvg%27%20width%3D%2714%27%20height%3D%2714%27%20viewBox%3D%270%200%2014%2014%27%3E%3Crect%20width%3D%2714%27%20height%3D%2714%27%20fill-opacity%3D%220%22%2F%3E%3C%2Fsvg%3E\" data-orig-src=\"\/common\/images\/icons\/ico_pdf.gif\" alt=\"pdf\" width=\"14\" height=\"14\" border=\"0\" \/>.<\/p>\n<p>Le Conseil de s\u00e9curit\u00e9 a \u00e9galement jou\u00e9 un r\u00f4le central dans le renforcement de l&rsquo;\u00e9tat de droit en agissant pour que les auteurs des crimes internationaux les plus graves soient amen\u00e9s \u00e0 rendre des comptes. En vertu du Chapitre VII de la Charte, le Conseil a cr\u00e9\u00e9 les tribunaux p\u00e9naux internationaux pour l&rsquo;<a href=\"http:\/\/www.icty.org\/\">ex-Yougoslavie<\/a> et pour le <a href=\"http:\/\/www.unictr.org\/fr\">Rwanda<\/a>, estimant que l&rsquo;engagement de la responsabilit\u00e9 des auteurs de violations \u00e9tait essentiel pour le maintien de la paix et de la s\u00e9curit\u00e9 internationales.<\/p>\n<p>Si c&rsquo;est maintenant la <a href=\"http:\/\/www.icc-cpi.int\/FR_Menus\/icc\/Pages\/default.aspx\">Cour p\u00e9nale internationale<\/a> qui est au centre de l&rsquo;action men\u00e9e pour mettre en \u0153uvre le principe de la responsabilit\u00e9 p\u00e9nale, le Conseil de s\u00e9curit\u00e9 joue n\u00e9anmoins un r\u00f4le important dans cette mise en \u0153uvre s&rsquo;agissant des crimes internationaux graves et de leur relation avec la paix et la s\u00e9curit\u00e9 internationales. L&rsquo;article 16 du Statut de Rome de la Cour p\u00e9nale internationale autorise le Conseil de s\u00e9curit\u00e9 \u00e0 renvoyer une situation \u00e0 la CPI en vertu du Chapitre VII de la Charte, ce que le Conseil a fait en ce qui concerne les situations au Darfour et en Libye.<\/p>\n<p>L&rsquo;\u00e9tat de droit figure \u00e9galement en bonne place dans les activit\u00e9s men\u00e9es par l&rsquo;Assembl\u00e9e sur d&rsquo;autres sujets, par exemple la responsabilit\u00e9 de prot\u00e9ger et la lutte contre le terrorisme.<\/p>\n<h2>Conseil \u00e9conomique et social (ECOSOC)<\/h2>\n<p>Dans la D\u00e9claration de la R\u00e9union de haut niveau sur l&rsquo;\u00e9tat de droit, les \u00c9tats Membres ont salu\u00e9 la contribution que le Conseil \u00e9conomique et social apportait \u00e0 la cause de l&rsquo;\u00e9tat de droit en \u0153uvrant \u00e0 l&rsquo;\u00e9limination de la pauvret\u00e9 et au d\u00e9veloppement durable sous ses aspects \u00e9conomiques, sociaux et environnementaux. Le Conseil \u00e9conomique et social est charg\u00e9 d&rsquo;\u00e9valuer dans quelle mesure les objectifs de d\u00e9veloppement sont atteints et il joue un r\u00f4le majeur dans les pr\u00e9paratifs, le suivi et la mise en \u0153uvre d&rsquo;un programme de d\u00e9veloppement pour l&rsquo;apr\u00e8s-2015 qui comporte des aspects relevant de l&rsquo;\u00e9tat de droit. La <a href=\"http:\/\/www.unodc.org\/documents\/commissions\/CCPCJ\/ECOSOC_Resolution-1992-1_F.pdf\">Commission pour la pr\u00e9vention du crime et la justice p\u00e9nale<\/a>\u00a0<img class=\"lazyload\" decoding=\"async\" style=\"margin-bottom: 0 !important\" src=\"data:image\/svg+xml,%3Csvg%20xmlns%3D%27http%3A%2F%2Fwww.w3.org%2F2000%2Fsvg%27%20width%3D%2714%27%20height%3D%2714%27%20viewBox%3D%270%200%2014%2014%27%3E%3Crect%20width%3D%2714%27%20height%3D%2714%27%20fill-opacity%3D%220%22%2F%3E%3C%2Fsvg%3E\" data-orig-src=\"\/common\/images\/icons\/ico_pdf.gif\" alt=\"pdf\" width=\"14\" height=\"14\" border=\"0\" \/> est l&rsquo;une des commissions techniques du Conseil \u00e9conomique et social que celui-ci a cr\u00e9\u00e9e en 1992. Elle est le principal organe directeur de l&rsquo;Organisation des Nations Unies dans le domaine de la pr\u00e9vention du crime et de la justice p\u00e9nale. Elle est notamment charg\u00e9e d&rsquo;am\u00e9liorer l&rsquo;action internationale de lutte contre la criminalit\u00e9 nationale et transnationale ainsi que l&rsquo;efficacit\u00e9 et l&rsquo;\u00e9quit\u00e9 des syst\u00e8mes d&rsquo;administration de la justice. Elle coordonne ses activit\u00e9s avec celles d&rsquo;autres organes de l&rsquo;Organisation charg\u00e9s de missions sp\u00e9cifiques dans les domaines de la pr\u00e9vention du crime et de la justice p\u00e9nale, et elle assure les pr\u00e9paratifs des congr\u00e8s des Nations Unies sur la criminalit\u00e9. Elle constitue aussi pour les \u00c9tats Membres une instance leur permettant d&rsquo;\u00e9changer des comp\u00e9tences, des donn\u00e9es d&rsquo;exp\u00e9rience et des informations, de mettre au point des strat\u00e9gies nationales et internationales et de d\u00e9gager des priorit\u00e9s dans la lutte contre la criminalit\u00e9. Depuis 2006, la Commission fait \u00e9galement fonctions d&rsquo;organe directeur de l&rsquo;Office des Nations Unies contre la drogue et le crime.<\/p>\n<h2>Conseil des droits de l&rsquo;homme<\/h2>\n<p>Le <a href=\"http:\/\/www.ohchr.org\/fr\/hrbodies\/hrc\/pages\/hrcindex.aspx\">Conseil des droits de l&rsquo;homme <\/a> s&#8217;emploie activement \u00e0 promouvoir l&rsquo;\u00e9tat de droit et il a adopt\u00e9 une s\u00e9rie de r\u00e9solutions qui concernent directement aussi bien les droits de l&rsquo;homme que l&rsquo;\u00e9tat de droit, notamment sur l&rsquo;administration de la justice, l&rsquo;<a href=\"http:\/\/www.un.org\/fr\/ga\/search\/view_doc.asp?symbol=A\/HRC\/RES\/19\/31\">int\u00e9grit\u00e9 du syst\u00e8me judiciaire<\/a> <img class=\"lazyload\" decoding=\"async\" style=\"margin-bottom: 0 !important\" src=\"data:image\/svg+xml,%3Csvg%20xmlns%3D%27http%3A%2F%2Fwww.w3.org%2F2000%2Fsvg%27%20width%3D%2714%27%20height%3D%2714%27%20viewBox%3D%270%200%2014%2014%27%3E%3Crect%20width%3D%2714%27%20height%3D%2714%27%20fill-opacity%3D%220%22%2F%3E%3C%2Fsvg%3E\" data-orig-src=\"\/common\/images\/icons\/ico_pdf.gif\" alt=\"pdf\" width=\"14\" height=\"14\" border=\"0\" \/> et les <a href=\"http:\/\/www.un.org\/fr\/ga\/search\/view_doc.asp?symbol=A\/HRC\/RES\/19\/36\">droits de l&rsquo;homme, la d\u00e9mocratie et l&rsquo;\u00e9tat de droit<\/a>\u00a0<img class=\"lazyload\" decoding=\"async\" style=\"margin-bottom: 0 !important\" src=\"data:image\/svg+xml,%3Csvg%20xmlns%3D%27http%3A%2F%2Fwww.w3.org%2F2000%2Fsvg%27%20width%3D%2714%27%20height%3D%2714%27%20viewBox%3D%270%200%2014%2014%27%3E%3Crect%20width%3D%2714%27%20height%3D%2714%27%20fill-opacity%3D%220%22%2F%3E%3C%2Fsvg%3E\" data-orig-src=\"\/common\/images\/icons\/ico_pdf.gif\" alt=\"pdf\" width=\"14\" height=\"14\" border=\"0\" \/>. Le Conseil a cr\u00e9\u00e9 plusieurs m\u00e9canismes th\u00e9matiques concernant directement l&rsquo;\u00e9tat de droit, comme le <a href=\"http:\/\/www.ohchr.org\/FR\/Issues\/Judiciary\/Pages\/IDPIndex.aspx\">Rapporteur sp\u00e9cial sur l&rsquo;ind\u00e9pendance des juges et des avocats<\/a>, le <a href=\"http:\/\/www.ohchr.org\/EN\/Issues\/TruthJusticeReparation\/Pages\/Index.aspx\">Rapporteur sp\u00e9cial sur la promotion de la v\u00e9rit\u00e9, de la justice, de la r\u00e9paration et des garanties de non-r\u00e9p\u00e9tition<\/a>\u00a0<span style=\"font-size: 70% !important;vertical-align: middle;color: #fff;background-color: #666;padding: 0px 2px;margin: 0px\">EN<\/span>, <a href=\"http:\/\/www.ohchr.org\/FR\/Issues\/IntOrder\/Pages\/IEInternationalorderIndex.aspx\">l&rsquo;Expert ind\u00e9pendant sur la promotion d&rsquo;un ordre international d\u00e9mocratique et \u00e9quitable<\/a> et le <a href=\"http:\/\/www.ohchr.org\/EN\/Issues\/Terrorism\/Pages\/SRTerrorismIndex.aspx\">Rapporteur sp\u00e9cial sur la promotion et la protection des droits de l&rsquo;homme et des libert\u00e9s fondamentales dans la lutte antiterroriste<\/a>\u00a0<span style=\"font-size: 70% !important;vertical-align: middle;color: #fff;background-color: #666;padding: 0px 2px;margin: 0px\">EN<\/span>.<div class=\"fusion-clearfix\"><\/div><\/div><\/div><\/div><\/div><\/p>\n","protected":false},"excerpt":{"rendered":"<p>Assembl\u00e9e g\u00e9n\u00e9rale L&rsquo;Assembl\u00e9e g\u00e9n\u00e9rale a pour la premi\u00e8re fois examin\u00e9 la question de l&rsquo;\u00e9tat de droit lors de la Conf\u00e9rence mondiale sur les droits de l&rsquo;homme tenue \u00e0 Vienne en 1993\u00a0. Suite \u00e0 la Conf\u00e9rence de Vienne et \u00e0 la cr\u00e9ation du Haut-Commissariat des Nations Unies aux droits de l&rsquo;homme (HCDH), la Troisi\u00e8me Commission de  [&#8230;]<\/p>\n","protected":false},"author":289,"featured_media":0,"parent":6,"menu_order":0,"comment_status":"closed","ping_status":"closed","template":"","meta":{"footnotes":""},"class_list":["post-91","page","type-page","status-publish","hentry"],"yoast_head":"<!-- This site is optimized with the Yoast SEO plugin v28.2 - https:\/\/yoast.com\/product\/yoast-seo-wordpress\/ -->\n<title>L&#039;\u00e9tat de droit dans les activit\u00e9s intergouvernementales de l&#039;ONU - L&#039;Organisation des Nations Unies et l&#039;Etat de droit<\/title>\n<meta name=\"robots\" content=\"index, follow, max-snippet:-1, max-image-preview:large, max-video-preview:-1\" \/>\n<link rel=\"canonical\" href=\"https:\/\/www.un.org\/ruleoflaw\/fr\/what-is-the-rule-of-law\/the-rule-of-law-in-un-work\/\" \/>\n<meta property=\"og:locale\" content=\"fr_FR\" \/>\n<meta property=\"og:type\" content=\"article\" \/>\n<meta property=\"og:title\" content=\"L&#039;\u00e9tat de droit dans les activit\u00e9s intergouvernementales de l&#039;ONU - L&#039;Organisation des Nations Unies et l&#039;Etat de droit\" \/>\n<meta property=\"og:description\" content=\"Assembl\u00e9e g\u00e9n\u00e9rale L&rsquo;Assembl\u00e9e g\u00e9n\u00e9rale a pour la premi\u00e8re fois examin\u00e9 la question de l&rsquo;\u00e9tat de droit lors de la Conf\u00e9rence mondiale sur les droits de l&rsquo;homme tenue \u00e0 Vienne en 1993\u00a0. Suite \u00e0 la Conf\u00e9rence de Vienne et \u00e0 la cr\u00e9ation du Haut-Commissariat des Nations Unies aux droits de l&rsquo;homme (HCDH), la Troisi\u00e8me Commission de [...]\" \/>\n<meta property=\"og:url\" content=\"https:\/\/www.un.org\/ruleoflaw\/fr\/what-is-the-rule-of-law\/the-rule-of-law-in-un-work\/\" \/>\n<meta property=\"og:site_name\" content=\"L&#039;Organisation des Nations Unies et l&#039;Etat de droit\" \/>\n<meta property=\"article:modified_time\" content=\"2019-02-19T21:52:15+00:00\" \/>\n<meta property=\"og:image\" content=\"https:\/\/www.un.org\/ruleoflaw\/fr\/wp-content\/uploads\/sites\/8\/2015\/03\/02-10-2015Benghazi_Libya-300x200.jpg\" \/>\n<meta name=\"twitter:label1\" content=\"Dur\u00e9e de lecture estim\u00e9e\" \/>\n\t<meta name=\"twitter:data1\" content=\"11 minutes\" \/>\n<script type=\"application\/ld+json\" class=\"yoast-schema-graph\">{\"@context\":\"https:\\\/\\\/schema.org\",\"@graph\":[{\"@type\":\"WebPage\",\"@id\":\"https:\\\/\\\/www.un.org\\\/ruleoflaw\\\/fr\\\/what-is-the-rule-of-law\\\/the-rule-of-law-in-un-work\\\/\",\"url\":\"https:\\\/\\\/www.un.org\\\/ruleoflaw\\\/fr\\\/what-is-the-rule-of-law\\\/the-rule-of-law-in-un-work\\\/\",\"name\":\"L'\u00e9tat de droit dans les activit\u00e9s intergouvernementales de l'ONU - L&#039;Organisation des Nations Unies et l&#039;Etat de droit\",\"isPartOf\":{\"@id\":\"https:\\\/\\\/www.un.org\\\/ruleoflaw\\\/fr\\\/#website\"},\"datePublished\":\"2015-03-10T21:20:16+00:00\",\"dateModified\":\"2019-02-19T21:52:15+00:00\",\"breadcrumb\":{\"@id\":\"https:\\\/\\\/www.un.org\\\/ruleoflaw\\\/fr\\\/what-is-the-rule-of-law\\\/the-rule-of-law-in-un-work\\\/#breadcrumb\"},\"inLanguage\":\"fr-FR\",\"potentialAction\":[{\"@type\":\"ReadAction\",\"target\":[\"https:\\\/\\\/www.un.org\\\/ruleoflaw\\\/fr\\\/what-is-the-rule-of-law\\\/the-rule-of-law-in-un-work\\\/\"]}]},{\"@type\":\"BreadcrumbList\",\"@id\":\"https:\\\/\\\/www.un.org\\\/ruleoflaw\\\/fr\\\/what-is-the-rule-of-law\\\/the-rule-of-law-in-un-work\\\/#breadcrumb\",\"itemListElement\":[{\"@type\":\"ListItem\",\"position\":1,\"name\":\"Home\",\"item\":\"https:\\\/\\\/www.un.org\\\/ruleoflaw\\\/fr\\\/\"},{\"@type\":\"ListItem\",\"position\":2,\"name\":\"Qu&rsquo;est-ce que l&rsquo;\u00e9tat de droit?\",\"item\":\"https:\\\/\\\/www.un.org\\\/ruleoflaw\\\/fr\\\/what-is-the-rule-of-law\\\/\"},{\"@type\":\"ListItem\",\"position\":3,\"name\":\"L&rsquo;\u00e9tat de droit dans les activit\u00e9s intergouvernementales de l&rsquo;ONU\"}]},{\"@type\":\"WebSite\",\"@id\":\"https:\\\/\\\/www.un.org\\\/ruleoflaw\\\/fr\\\/#website\",\"url\":\"https:\\\/\\\/www.un.org\\\/ruleoflaw\\\/fr\\\/\",\"name\":\"L&#039;Organisation des Nations Unies et l&#039;Etat de droit\",\"description\":\"Just another United Nations and the Rule of Law Sites site\",\"potentialAction\":[{\"@type\":\"SearchAction\",\"target\":{\"@type\":\"EntryPoint\",\"urlTemplate\":\"https:\\\/\\\/www.un.org\\\/ruleoflaw\\\/fr\\\/?s={search_term_string}\"},\"query-input\":{\"@type\":\"PropertyValueSpecification\",\"valueRequired\":true,\"valueName\":\"search_term_string\"}}],\"inLanguage\":\"fr-FR\"}]}<\/script>\n<!-- \/ Yoast SEO plugin. -->","yoast_head_json":{"title":"L'\u00e9tat de droit dans les activit\u00e9s intergouvernementales de l'ONU - L&#039;Organisation des Nations Unies et l&#039;Etat de droit","robots":{"index":"index","follow":"follow","max-snippet":"max-snippet:-1","max-image-preview":"max-image-preview:large","max-video-preview":"max-video-preview:-1"},"canonical":"https:\/\/www.un.org\/ruleoflaw\/fr\/what-is-the-rule-of-law\/the-rule-of-law-in-un-work\/","og_locale":"fr_FR","og_type":"article","og_title":"L'\u00e9tat de droit dans les activit\u00e9s intergouvernementales de l'ONU - L&#039;Organisation des Nations Unies et l&#039;Etat de droit","og_description":"Assembl\u00e9e g\u00e9n\u00e9rale L&rsquo;Assembl\u00e9e g\u00e9n\u00e9rale a pour la premi\u00e8re fois examin\u00e9 la question de l&rsquo;\u00e9tat de droit lors de la Conf\u00e9rence mondiale sur les droits de l&rsquo;homme tenue \u00e0 Vienne en 1993\u00a0. Suite \u00e0 la Conf\u00e9rence de Vienne et \u00e0 la cr\u00e9ation du Haut-Commissariat des Nations Unies aux droits de l&rsquo;homme (HCDH), la Troisi\u00e8me Commission de [...]","og_url":"https:\/\/www.un.org\/ruleoflaw\/fr\/what-is-the-rule-of-law\/the-rule-of-law-in-un-work\/","og_site_name":"L&#039;Organisation des Nations Unies et l&#039;Etat de droit","article_modified_time":"2019-02-19T21:52:15+00:00","og_image":[{"url":"https:\/\/www.un.org\/ruleoflaw\/fr\/wp-content\/uploads\/sites\/8\/2015\/03\/02-10-2015Benghazi_Libya-300x200.jpg","type":"","width":"","height":""}],"twitter_misc":{"Dur\u00e9e de lecture estim\u00e9e":"11 minutes"},"schema":{"@context":"https:\/\/schema.org","@graph":[{"@type":"WebPage","@id":"https:\/\/www.un.org\/ruleoflaw\/fr\/what-is-the-rule-of-law\/the-rule-of-law-in-un-work\/","url":"https:\/\/www.un.org\/ruleoflaw\/fr\/what-is-the-rule-of-law\/the-rule-of-law-in-un-work\/","name":"L'\u00e9tat de droit dans les activit\u00e9s intergouvernementales de l'ONU - L&#039;Organisation des Nations Unies et l&#039;Etat de droit","isPartOf":{"@id":"https:\/\/www.un.org\/ruleoflaw\/fr\/#website"},"datePublished":"2015-03-10T21:20:16+00:00","dateModified":"2019-02-19T21:52:15+00:00","breadcrumb":{"@id":"https:\/\/www.un.org\/ruleoflaw\/fr\/what-is-the-rule-of-law\/the-rule-of-law-in-un-work\/#breadcrumb"},"inLanguage":"fr-FR","potentialAction":[{"@type":"ReadAction","target":["https:\/\/www.un.org\/ruleoflaw\/fr\/what-is-the-rule-of-law\/the-rule-of-law-in-un-work\/"]}]},{"@type":"BreadcrumbList","@id":"https:\/\/www.un.org\/ruleoflaw\/fr\/what-is-the-rule-of-law\/the-rule-of-law-in-un-work\/#breadcrumb","itemListElement":[{"@type":"ListItem","position":1,"name":"Home","item":"https:\/\/www.un.org\/ruleoflaw\/fr\/"},{"@type":"ListItem","position":2,"name":"Qu&rsquo;est-ce que l&rsquo;\u00e9tat de droit?","item":"https:\/\/www.un.org\/ruleoflaw\/fr\/what-is-the-rule-of-law\/"},{"@type":"ListItem","position":3,"name":"L&rsquo;\u00e9tat de droit dans les activit\u00e9s intergouvernementales de l&rsquo;ONU"}]},{"@type":"WebSite","@id":"https:\/\/www.un.org\/ruleoflaw\/fr\/#website","url":"https:\/\/www.un.org\/ruleoflaw\/fr\/","name":"L&#039;Organisation des Nations Unies et l&#039;Etat de droit","description":"Just another United Nations and the Rule of Law Sites site","potentialAction":[{"@type":"SearchAction","target":{"@type":"EntryPoint","urlTemplate":"https:\/\/www.un.org\/ruleoflaw\/fr\/?s={search_term_string}"},"query-input":{"@type":"PropertyValueSpecification","valueRequired":true,"valueName":"search_term_string"}}],"inLanguage":"fr-FR"}]}},"_links":{"self":[{"href":"https:\/\/www.un.org\/ruleoflaw\/fr\/wp-json\/wp\/v2\/pages\/91","targetHints":{"allow":["GET"]}}],"collection":[{"href":"https:\/\/www.un.org\/ruleoflaw\/fr\/wp-json\/wp\/v2\/pages"}],"about":[{"href":"https:\/\/www.un.org\/ruleoflaw\/fr\/wp-json\/wp\/v2\/types\/page"}],"author":[{"embeddable":true,"href":"https:\/\/www.un.org\/ruleoflaw\/fr\/wp-json\/wp\/v2\/users\/289"}],"replies":[{"embeddable":true,"href":"https:\/\/www.un.org\/ruleoflaw\/fr\/wp-json\/wp\/v2\/comments?post=91"}],"version-history":[{"count":6,"href":"https:\/\/www.un.org\/ruleoflaw\/fr\/wp-json\/wp\/v2\/pages\/91\/revisions"}],"predecessor-version":[{"id":11443,"href":"https:\/\/www.un.org\/ruleoflaw\/fr\/wp-json\/wp\/v2\/pages\/91\/revisions\/11443"}],"up":[{"embeddable":true,"href":"https:\/\/www.un.org\/ruleoflaw\/fr\/wp-json\/wp\/v2\/pages\/6"}],"wp:attachment":[{"href":"https:\/\/www.un.org\/ruleoflaw\/fr\/wp-json\/wp\/v2\/media?parent=91"}],"curies":[{"name":"wp","href":"https:\/\/api.w.org\/{rel}","templated":true}]}}