  {"id":11603,"date":"2025-10-31T10:05:15","date_gmt":"2025-10-31T14:05:15","guid":{"rendered":"https:\/\/www.un.org\/unispal\/es\/?post_type=tribe_events&#038;p=11603"},"modified":"2025-10-31T10:05:15","modified_gmt":"2025-10-31T14:05:15","slug":"compromiso-con-la-sociedad-civil-latinoamericana-y-la-diaspora-palestina","status":"publish","type":"tribe_events","link":"https:\/\/www.un.org\/unispal\/es\/event\/compromiso-con-la-sociedad-civil-latinoamericana-y-la-diaspora-palestina\/","title":{"rendered":"Compromiso con la sociedad civil latinoamericana y la di\u00e1spora palestina"},"content":{"rendered":"<p><span data-ccp-props=\"{&quot;335551550&quot;:2,&quot;335551620&quot;:2,&quot;335559685&quot;:180,&quot;335559737&quot;:180}\"> <img decoding=\"async\" class=\"size-large wp-image-11604 aligncenter\" src=\"https:\/\/www.un.org\/unispal\/es\/wp-content\/uploads\/sites\/25\/2025\/10\/Backdrop-Spanish-2nd-CSO-consultations-Nov2025-1024x576.png\" alt=\"\" width=\"1024\" height=\"576\" srcset=\"https:\/\/www.un.org\/unispal\/es\/wp-content\/uploads\/sites\/25\/2025\/10\/Backdrop-Spanish-2nd-CSO-consultations-Nov2025-200x113.png 200w, https:\/\/www.un.org\/unispal\/es\/wp-content\/uploads\/sites\/25\/2025\/10\/Backdrop-Spanish-2nd-CSO-consultations-Nov2025-300x169.png 300w, https:\/\/www.un.org\/unispal\/es\/wp-content\/uploads\/sites\/25\/2025\/10\/Backdrop-Spanish-2nd-CSO-consultations-Nov2025-400x225.png 400w, https:\/\/www.un.org\/unispal\/es\/wp-content\/uploads\/sites\/25\/2025\/10\/Backdrop-Spanish-2nd-CSO-consultations-Nov2025-600x338.png 600w, https:\/\/www.un.org\/unispal\/es\/wp-content\/uploads\/sites\/25\/2025\/10\/Backdrop-Spanish-2nd-CSO-consultations-Nov2025-768x432.png 768w, https:\/\/www.un.org\/unispal\/es\/wp-content\/uploads\/sites\/25\/2025\/10\/Backdrop-Spanish-2nd-CSO-consultations-Nov2025-800x450.png 800w, https:\/\/www.un.org\/unispal\/es\/wp-content\/uploads\/sites\/25\/2025\/10\/Backdrop-Spanish-2nd-CSO-consultations-Nov2025-1024x576.png 1024w, https:\/\/www.un.org\/unispal\/es\/wp-content\/uploads\/sites\/25\/2025\/10\/Backdrop-Spanish-2nd-CSO-consultations-Nov2025-1200x675.png 1200w, https:\/\/www.un.org\/unispal\/es\/wp-content\/uploads\/sites\/25\/2025\/10\/Backdrop-Spanish-2nd-CSO-consultations-Nov2025.png 1280w\" sizes=\"(max-width: 1024px) 100vw, 1024px\" \/><\/span><\/p>\n<p><span data-ccp-props=\"{&quot;335551550&quot;:2,&quot;335551620&quot;:2,&quot;335559685&quot;:180,&quot;335559737&quot;:180}\">\u00a0<\/span><\/p>\n<p><span data-contrast=\"auto\">El\u00a0Comit\u00e9\u00a0para el\u00a0Ejercicio\u00a0de\u00a0los\u00a0Derechos\u00a0Inalienables\u00a0del Pueblo Palestino\u00a0convocar\u00e1\u00a0su\u00a0<\/span><b><span data-contrast=\"auto\">segunda\u00a0sesi\u00f3n\u00a0de 2025 de las\u00a0Consultas\u00a0con las Organizaciones de la Sociedad Civil<\/span><\/b><span data-contrast=\"auto\">\u00a0el\u00a0<\/span><b><span data-contrast=\"auto\">12\u202fde\u00a0noviembre\u00a0de 2025<\/span><\/b><span data-contrast=\"auto\">\u00a0en\u00a0la Comisi\u00f3n\u00a0Econ\u00f3mica\u00a0de las\u00a0Naciones\u00a0Unidas para Am\u00e9rica Latina y el Caribe (CEPAL),\u00a0en\u00a0Santiago de Chile, de las 10.00 a las 18.00 horas\u00a0(hora\u00a0local). El\u202ftema\u00a0de las\u00a0Consultas\u00a0ser\u00e1\u00a0\u201c<\/span><i><span data-contrast=\"auto\">Compromiso\u00a0con la\u00a0sociedad\u00a0civil\u00a0latinoamericana\u00a0y la\u00a0di\u00e1spora\u00a0palestina: Un\u00a0llamamiento\u00a0a la\u00a0acci\u00f3n\u00a0para\u00a0garantizar\u00a0la\u00a0recuperaci\u00f3n\u00a0y la\u00a0sanaci\u00f3n\u00a0de Gaza y\u00a0poner\u00a0fin a la\u00a0ocupaci\u00f3n\u00a0ilegal\u00a0de Israel<\/span><\/i><span data-contrast=\"auto\">\u201d.<\/span><span data-ccp-props=\"{}\">\u00a0<\/span><\/p>\n<p><span data-contrast=\"auto\">Hist\u00f3ricamente, en Am\u00e9rica Latina se ha expresado una abierta oposici\u00f3n a la ocupaci\u00f3n, el despojo y el desplazamiento del pueblo palestino, lo que ha situado a la regi\u00f3n a la vanguardia de la solidaridad mundial con la causa palestina. El acto contar\u00e1 con ponentes expertos de la sociedad civil de Bolivia, Brasil, Chile, Colombia y Per\u00fa.<\/span><span data-ccp-props=\"{&quot;335559737&quot;:180}\">\u00a0<\/span><\/p>\n<p><span data-contrast=\"auto\">Las Consultas\u00a0ofrecer\u00e1n\u00a0una plataforma para que la sociedad civil de la regi\u00f3n exprese su solidaridad y apoyo al pueblo palestino, reafirmando al mismo tiempo la importancia de las resoluciones 181 y 194 de la Asamblea General relativas a su derecho a la libre determinaci\u00f3n y al retorno. Tambi\u00e9n se destacar\u00e1n los recientes esfuerzos diplom\u00e1ticos en la Asamblea General de las Naciones Unidas para mostrar que un alto el fuego duradero y la reconstrucci\u00f3n de Gaza, as\u00ed como el compromiso renovado con una soluci\u00f3n biestatal, basada en las\u00a0demarcaciones\u00a0anteriores a 1967, con Jerusal\u00e9n como capital de ambos Estados, y fundada en el derecho internacional y las resoluciones de las Naciones Unidas, son el camino m\u00e1s seguro hacia la paz y la seguridad en Oriente Medio. En este sentido, el acto servir\u00e1 para debatir las iniciativas\u00a0exitosas\u00a0emprendidas por\u00a0los Estados Miembros y los movimientos de solidaridad en Am\u00e9rica Latina y para solicitar un apoyo m\u00e1s amplio.<\/span><span data-ccp-props=\"{&quot;335559737&quot;:180}\">\u00a0<\/span><\/p>\n<p><span data-contrast=\"auto\">Todos los Estados Miembros y observadores, las organizaciones de las Naciones Unidas y las organizaciones intergubernamentales y de la sociedad civil est\u00e1n invitados a asistir.<\/span><span data-ccp-props=\"{&quot;335559737&quot;:180}\">\u00a0<\/span><\/p>\n<p><span data-contrast=\"auto\">Para obtener m\u00e1s informaci\u00f3n e inscribirse, <\/span><span data-contrast=\"auto\">p\u00f3ngase en contacto con la Divisi\u00f3n de los Derechos de los Palestinos de la Secretar\u00eda de las Naciones Unidas, correo electr\u00f3nico:\u00a0<\/span><a href=\"mailto:dpr-meeting@un.org\"><span data-contrast=\"none\">dpr-meeting@un.org<\/span><\/a><span data-contrast=\"auto\">.\u00a0<\/span><\/p>\n<h3 class=\"fusion-responsive-typography-calculated\" data-fontsize=\"16\" data-lineheight=\"24px\"><strong><em><a href=\"https:\/\/eventos.cepal.org\/event\/229\/\" target=\"_blank\" rel=\"noopener\">Para inscribirse para participar presencialmente en la CEPAL, Santiago de Chile, siga este enlace<\/a>.<\/em><\/strong><\/h3>\n","protected":false},"excerpt":{"rendered":"<p>\u00a0 El\u00a0Comit\u00e9\u00a0para el\u00a0Ejercicio\u00a0de\u00a0los\u00a0Derechos\u00a0Inalienables\u00a0del Pueblo Palestino\u00a0convocar\u00e1\u00a0su\u00a0segunda\u00a0sesi\u00f3n\u00a0de 2025 de las\u00a0Consultas\u00a0con las Organizaciones de la Sociedad Civil\u00a0el\u00a012\u202fde\u00a0noviembre\u00a0de 2025\u00a0en\u00a0la Comisi\u00f3n\u00a0Econ\u00f3mica\u00a0de las\u00a0Naciones\u00a0Unidas para Am\u00e9rica Latina y el Caribe (CEPAL),\u00a0en\u00a0Santiago de Chile, de las 10.00 a las 18.00 horas\u00a0(hora\u00a0local). El\u202ftema\u00a0de las\u00a0Consultas\u00a0ser\u00e1\u00a0\u201cCompromiso\u00a0con la\u00a0sociedad\u00a0civil\u00a0latinoamericana\u00a0y la\u00a0di\u00e1spora\u00a0palestina: Un\u00a0llamamiento\u00a0a la\u00a0acci\u00f3n\u00a0para\u00a0garantizar\u00a0la\u00a0recuperaci\u00f3n\u00a0y la\u00a0sanaci\u00f3n\u00a0de Gaza y\u00a0poner\u00a0fin a la\u00a0ocupaci\u00f3n\u00a0ilegal\u00a0de Israel\u201d.\u00a0 Hist\u00f3ricamente, en Am\u00e9rica Latina se ha expresado una abierta oposici\u00f3n <a href=\"https:\/\/www.un.org\/unispal\/es\/event\/compromiso-con-la-sociedad-civil-latinoamericana-y-la-diaspora-palestina\/\"> [&#8230;]<\/a><\/p>\n","protected":false},"author":285,"featured_media":0,"template":"","meta":{"_tribe_events_status":"","_tribe_events_status_reason":"","footnotes":""},"tags":[],"tribe_events_cat":[],"class_list":["post-11603","tribe_events","type-tribe_events","status-publish","hentry"],"_links":{"self":[{"href":"https:\/\/www.un.org\/unispal\/es\/wp-json\/wp\/v2\/tribe_events\/11603","targetHints":{"allow":["GET"]}}],"collection":[{"href":"https:\/\/www.un.org\/unispal\/es\/wp-json\/wp\/v2\/tribe_events"}],"about":[{"href":"https:\/\/www.un.org\/unispal\/es\/wp-json\/wp\/v2\/types\/tribe_events"}],"author":[{"embeddable":true,"href":"https:\/\/www.un.org\/unispal\/es\/wp-json\/wp\/v2\/users\/285"}],"version-history":[{"count":1,"href":"https:\/\/www.un.org\/unispal\/es\/wp-json\/wp\/v2\/tribe_events\/11603\/revisions"}],"predecessor-version":[{"id":11606,"href":"https:\/\/www.un.org\/unispal\/es\/wp-json\/wp\/v2\/tribe_events\/11603\/revisions\/11606"}],"wp:attachment":[{"href":"https:\/\/www.un.org\/unispal\/es\/wp-json\/wp\/v2\/media?parent=11603"}],"wp:term":[{"taxonomy":"post_tag","embeddable":true,"href":"https:\/\/www.un.org\/unispal\/es\/wp-json\/wp\/v2\/tags?post=11603"},{"taxonomy":"tribe_events_cat","embeddable":true,"href":"https:\/\/www.un.org\/unispal\/es\/wp-json\/wp\/v2\/tribe_events_cat?post=11603"}],"curies":[{"name":"wp","href":"https:\/\/api.w.org\/{rel}","templated":true}]}}